{"id":7878,"date":"2025-01-31T10:41:10","date_gmt":"2025-01-31T09:41:10","guid":{"rendered":"https:\/\/www.med.unipi.it\/?page_id=7878"},"modified":"2025-10-06T11:11:17","modified_gmt":"2025-10-06T09:11:17","slug":"educazione-professionale","status":"publish","type":"page","link":"https:\/\/www.med.unipi.it\/index.php\/corsi-di-laurea\/educazione-professionale\/","title":{"rendered":"Educazione Professionale"},"content":{"rendered":"<h3><strong>CORSO DI LAUREA IN EDUCAZIONE PROFESSIONALE<\/strong><\/h3>\n<p><strong data-start=\"229\" data-end=\"239\">Durata<\/strong>: <span class=\"relative -mx-px my-[-0.2rem] rounded px-px py-[0.2rem] transition-colors duration-100 ease-in-out\">3 anni<\/span><br data-start=\"278\" data-end=\"281\" \/><strong data-start=\"281\" data-end=\"321\">Crediti Formativi Universitari (CFU)<\/strong>: 180<br data-start=\"326\" data-end=\"329\" \/><strong data-start=\"329\" data-end=\"342\">Struttura<\/strong>: <span class=\"relative -mx-px my-[-0.2rem] rounded px-px py-[0.2rem] transition-colors duration-100 ease-in-out\">Scuola di Medicina \u2013 Dipartimento di Medicina Clinica e Sperimentale<\/span><br data-start=\"381\" data-end=\"384\" \/><strong data-start=\"384\" data-end=\"395\">Accesso<\/strong>: <span class=\"relative -mx-px my-[-0.2rem] rounded px-px py-[0.2rem] transition-colors duration-100 ease-in-out\">Programmato a livello nazionale con test di ammissione &#8211; il numero di posti disponibili \u00e8 definito ogni anno a livello ministeriale sulla base di effettiva richiesta dal mercato del lavoro.<\/span><\/p>\n<p>Tale Corso si propone il conseguimento di obiettivi formativi con specifico riferimento al profilo professionale definito nel Decreto Ministeriale della Sanit\u00e0 n. 520 dell\u20198 ottobre 1998 e articolati sotto il profilo dei contenuti in uno specifico Ordinamento didattico.<\/p>\n<h3 data-start=\"549\" data-end=\"590\">Chi \u00e8 l\u2019Educatore Professionale?<\/h3>\n<p data-start=\"592\" data-end=\"880\">L\u2019<strong data-start=\"594\" data-end=\"621\">Educatore Professionale<\/strong> \u00e8 un <strong data-start=\"627\" data-end=\"660\">operatore sociale e sanitario<\/strong> che, in possesso del <strong data-start=\"682\" data-end=\"718\">diploma universitario abilitante<\/strong>, <span class=\"relative -mx-px my-[-0.2rem] rounded px-px py-[0.2rem] transition-colors duration-100 ease-in-out\">realizza <strong data-start=\"9\" data-end=\"47\">progetti educativi e riabilitativi<\/strong> all&#8217;interno di un <strong data-start=\"66\" data-end=\"90\">progetto terapeutico<\/strong> elaborato da un&#8217;<strong data-start=\"107\" data-end=\"135\" data-is-last-node=\"\">\u00e9quipe multidisciplinare<\/strong><\/span>. <span class=\"relative -mx-px my-[-0.2rem] rounded px-px py-[0.2rem] transition-colors duration-100 ease-in-out\">L&#8217;obiettivo \u00e8 promuovere uno <strong data-start=\"29\" data-end=\"71\">sviluppo equilibrato della personalit\u00e0<\/strong> e favorire il <strong data-start=\"86\" data-end=\"117\">reinserimento psico-sociale<\/strong> dei soggetti in difficolt\u00e0.\u00a0<\/span><\/p>\n<h3 data-start=\"592\" data-end=\"880\">Obiettivi del corso:<\/h3>\n<p data-start=\"914\" data-end=\"938\">Il corso mira a fornire:<\/p>\n<ul data-start=\"940\" data-end=\"1179\">\n<li data-start=\"940\" data-end=\"1034\">\n<p data-start=\"942\" data-end=\"1034\"><strong data-start=\"942\" data-end=\"969\">Conoscenze scientifiche<\/strong> nelle aree sanitaria, psico-pedagogica, sociologica e giuridica.<\/p>\n<\/li>\n<li data-start=\"1035\" data-end=\"1091\">\n<p data-start=\"1037\" data-end=\"1091\"><strong data-start=\"1037\" data-end=\"1063\">Metodologie e tecniche<\/strong> per l&#8217;intervento educativo.<\/p>\n<\/li>\n<li data-start=\"1092\" data-end=\"1179\">\n<p data-start=\"1094\" data-end=\"1179\"><strong data-start=\"1094\" data-end=\"1117\">Esperienze pratiche<\/strong> che sviluppano capacit\u00e0 critiche e professionalit\u00e0 educativa.<\/p>\n<\/li>\n<\/ul>\n<h3 data-start=\"1226\" data-end=\"1287\">Il processo educativo si articola su due livelli interrelati:<\/h3>\n<ol data-start=\"1289\" data-end=\"1457\">\n<li data-start=\"1289\" data-end=\"1354\">\n<p data-start=\"1292\" data-end=\"1354\"><strong data-start=\"1292\" data-end=\"1313\">Teorico-Culturale<\/strong>: <span class=\"relative -mx-px my-[-0.2rem] rounded px-px py-[0.2rem] transition-colors duration-100 ease-in-out\">offre un corpo integrato di conoscenze per analizzare e comprendere la realt\u00e0, progettare, realizzare e valutare interventi educativi.<\/span><\/p>\n<\/li>\n<li data-start=\"1355\" data-end=\"1457\">\n<p data-start=\"1358\" data-end=\"1457\"><strong data-start=\"1358\" data-end=\"1377\">Tecnico-Pratico<\/strong>: <span class=\"relative -mx-px my-[-0.2rem] rounded px-px py-[0.2rem] transition-colors duration-100 ease-in-out\">favorisce l&#8217;applicazione delle conoscenze teoriche, l&#8217;acquisizione e la sperimentazione di metodi e tecniche educative, e la verifica delle capacit\u00e0 personali in relazione alle caratteristiche dell&#8217;utenza e del settore di intervento.<\/span><\/p>\n<\/li>\n<\/ol>\n<h3 data-start=\"1464\" data-end=\"1489\">Tirocinio Formativo<\/h3>\n<p data-start=\"1491\" data-end=\"1569\"><span class=\"relative -mx-px my-[-0.2rem] rounded px-px py-[0.2rem] transition-colors duration-100 ease-in-out\">Elemento fondamentale del percorso \u00e8 il <strong data-start=\"40\" data-end=\"53\">tirocinio<\/strong>, che prevede:<\/span><\/p>\n<ul data-start=\"1571\" data-end=\"1735\">\n<li data-start=\"1571\" data-end=\"1612\">\n<p data-start=\"1573\" data-end=\"1612\"><span class=\"relative -mx-px my-[-0.2rem] rounded px-px py-[0.2rem] transition-colors duration-100 ease-in-out\"><strong data-start=\"0\" data-end=\"10\" data-is-only-node=\"\">60 CFU<\/strong> dedicati all&#8217;attivit\u00e0 pratica.<\/span><\/p>\n<\/li>\n<li data-start=\"1613\" data-end=\"1654\">\n<p data-start=\"1615\" data-end=\"1654\"><span class=\"relative -mx-px my-[-0.2rem] rounded px-px py-[0.2rem] transition-colors duration-100 ease-in-out\"><strong data-start=\"0\" data-end=\"24\" data-is-only-node=\"\">Supervisione e guida<\/strong> di tutor professionali appositamente nominati.<\/span><\/p>\n<\/li>\n<li data-start=\"1655\" data-end=\"1735\">\n<p data-start=\"1657\" data-end=\"1735\"><span class=\"relative -mx-px my-[-0.2rem] rounded px-px py-[0.2rem] transition-colors duration-100 ease-in-out\"><strong data-start=\"0\" data-end=\"17\" data-is-only-node=\"\">Coordinamento<\/strong> da parte di un docente appartenente allo specifico profilo professionale.<\/span><\/p>\n<\/li>\n<\/ul>\n<h3 data-start=\"1940\" data-end=\"1962\">Corpo Docente<\/h3>\n<p data-start=\"1964\" data-end=\"1990\">Le lezioni sono tenute da:<\/p>\n<ul data-start=\"1992\" data-end=\"2114\">\n<li data-start=\"1992\" data-end=\"2033\">\n<p data-start=\"1994\" data-end=\"2033\"><span class=\"relative -mx-px my-[-0.2rem] rounded px-px py-[0.2rem] transition-colors duration-100 ease-in-out\"><strong data-start=\"0\" data-end=\"43\" data-is-only-node=\"\">Docenti dei dipartimenti di Area Medica<\/strong>.<\/span><\/p>\n<\/li>\n<li data-start=\"2034\" data-end=\"2114\">\n<p data-start=\"2036\" data-end=\"2114\"><span class=\"relative -mx-px my-[-0.2rem] rounded px-px py-[0.2rem] transition-colors duration-100 ease-in-out\"><strong data-start=\"0\" data-end=\"48\" data-is-only-node=\"\">Esperti dei vari settori professionalizzanti<\/strong>.<\/span><\/p>\n<\/li>\n<\/ul>\n<h3><\/h3>\n<h3>Percorso formativo<\/h3>\n<p><b><span data-contrast=\"none\">Il 1\u00b0 anno <\/span><\/b><span data-contrast=\"none\">\u00e8 finalizzato ad offrire conoscenze di base biomediche e cliniche, all&#8217;acquisizione delle competenze professionali<\/span><span data-ccp-props=\"{}\"> \u00a0<\/span><span data-contrast=\"none\">di base e a sviluppare le capacit\u00e0 di interazione di gruppo;<\/span><span data-ccp-props=\"{}\">\u00a0<\/span><\/p>\n<p><b><span data-contrast=\"none\">Il 2\u00b0 <\/span><\/b><span data-contrast=\"none\"><strong>anno<\/strong> \u00e8 finalizzato all&#8217;approfondimento di conoscenze cliniche e di competenze professionali <\/span><span data-contrast=\"none\">educative e riabilitative in<\/span><span data-ccp-props=\"{}\"> \u00a0<\/span><span data-contrast=\"none\">ambito socio-sanitario rivolte a persone in difficolt\u00e0: minori, tossicodipendenti, alcolisti, carcerati, disabili, pazienti<\/span><span data-ccp-props=\"{}\"> \u00a0<\/span><span data-contrast=\"none\">psichiatrici e anziani. <\/span><\/p>\n<p><span data-contrast=\"none\">Sono previsti periodi di <strong>tirocinio<\/strong> in diversi Enti con cui sono in atto Protocolli e Convenzioni quali:<\/span><span data-ccp-props=\"{}\"> \u00a0<\/span><span data-contrast=\"none\">Universit\u00e0, ASL, Scuole, Istituti, Strutture, Cooperative e Associazioni che lavorano con utenti in condizioni di fragilit\u00e0 al<\/span><span data-ccp-props=\"{}\"> \u00a0<\/span><span data-contrast=\"none\">fine di approfondire le conoscenze apprese sia in <\/span><span data-contrast=\"none\">campo clinico che terapeutico e riabilitativo.<\/span><span data-ccp-props=\"{}\">\u00a0<\/span><\/p>\n<p><b><span data-contrast=\"none\">Il 3\u00b0 anno <\/span><\/b><span data-contrast=\"none\">\u00e8 finalizzato all&#8217;approfondimento specialistico e all&#8217;acquisizione di conoscenze e metodologie inerenti<\/span><span data-ccp-props=\"{}\"> \u00a0<\/span><span data-contrast=\"none\">all\u2019esercizio professionale e il lavorare in \u00e9quipe. Lo studente sar\u00e0 impegnato in un percorso individuale di tirocinio e potr\u00e0<\/span><span data-ccp-props=\"{}\"> \u00a0<\/span><span data-contrast=\"none\">sperimentare una graduale assunzione di autonomie e responsabilit\u00e0. Inoltre sono previste attivit\u00e0 volte all&#8217;acquisizione di<\/span><span data-ccp-props=\"{}\"> \u00a0<\/span><span data-contrast=\"none\">competenze metodologiche di ricerca scientifica e di management sanitario.<\/span><span data-ccp-props=\"{}\">\u00a0<\/span><\/p>\n<p><span data-ccp-props=\"{}\">\u00a0<\/span><span data-contrast=\"none\">Il corso di laurea \u00e8 inteso a fornire una formazione adeguata a svolgere attivit\u00e0 lavorative di<\/span><span data-ccp-props=\"{}\">\u00a0<\/span><span data-contrast=\"none\">primo livello e un solido fondamento per proseguire il percorso formativo nella <\/span><b><span data-contrast=\"none\">Laurea magistrale delle professioni sanitarie<\/span><\/b> <b><span data-contrast=\"none\">della riabilitazione<\/span><\/b><span data-contrast=\"none\">.<\/span><span data-ccp-props=\"{}\">\u00a0<\/span><\/p>\n<h3>Prospettive lavorative<\/h3>\n<p><span data-contrast=\"none\">I laureati potranno svolgere attivit\u00e0 professionali in strutture pubbliche e private, nelle istituzioni<\/span> <span data-contrast=\"none\">educative, nelle imprese e nelle organizzazioni del terzo settore.<\/span><\/p>\n<h3>Avviso agli studenti sul trattamento dei dati sensibili<\/h3>\n<p>Clicca qui per sapere come i dati dei pazienti devono essere trattati, rivolto a tutti gli studenti delle professioni sanitare:\u00a0<a href=\"https:\/\/www.med.unipi.it\/wp-content\/uploads\/2025\/06\/TRATT.-DATI-SENSIBILI.pdf\">TRATTAMENTO DATI SENSIBILI<\/a><\/p>\n<h3><strong>ACCESSO AL CORSO<\/strong><\/h3>\n<p>Possono essere ammessi al corso di laurea i candidati in possesso del Diploma di Scuola Secondaria Superiore o altro titolo estero dichiarato equipollente.<\/p>\n<p><strong>L\u2019accesso al corso di laurea \u00e8 a numero programmato nazionale in base alla legge 264\/99 e prevede un esame di \u00a0ammissione che consiste in una prova con test a risposta multipla.<\/strong> <span data-contrast=\"none\">Per essere ammessi al corso di laurea \u00e8 richiesto il possesso di una adeguata preparazione nei campi della biologia, della<\/span><span data-ccp-props=\"{}\"> \u00a0<\/span><span data-contrast=\"none\">chimica, della matematica e fisica, della logica e cultura generale.<\/span><span data-ccp-props=\"{}\">\u00a0<\/span><\/p>\n<p><span data-contrast=\"none\">Qualora la verifica delle conoscenze richieste per l&#8217;accesso non sia positiva nelle discipline di biologia, chimica<\/span><span data-contrast=\"none\">\u00a0e fisica, il CdS, proceder\u00e0 all&#8217; assegnazione di obblighi formativi aggiuntivi <\/span><span data-contrast=\"none\">(<\/span><b><span data-contrast=\"none\">OFA<\/span><\/b><span data-contrast=\"none\">),<\/span><span data-contrast=\"none\"> da assolvere entro il primo anno di corso &#8211; vd sezione RECUPERO OFA.<\/span><span data-ccp-props=\"{}\">\u00a0<\/span><\/p>\n","protected":false},"excerpt":{"rendered":"<p>CORSO DI LAUREA IN EDUCAZIONE PROFESSIONALE Durata: 3 anniCrediti Formativi Universitari (CFU): 180Struttura: Scuola di Medicina \u2013 Dipartimento di Medicina&hellip;<\/p>\n<p><a class=\"btn btn-dark btn-sm unipi-read-more-link\" href=\"https:\/\/www.med.unipi.it\/index.php\/corsi-di-laurea\/educazione-professionale\/\">Leggi tutto&#8230;<\/a><\/p>\n","protected":false},"author":1,"featured_media":0,"parent":68,"menu_order":0,"comment_status":"closed","ping_status":"closed","template":"","meta":{"footnotes":""},"categories":[92],"tags":[],"class_list":["post-7878","page","type-page","status-publish","hentry","category-educazione-professionale"],"yoast_head":"<!-- This site is optimized with the Yoast SEO plugin v27.0 - https:\/\/yoast.com\/product\/yoast-seo-wordpress\/ -->\n<title>Educazione Professionale - Scuola di Medicina<\/title>\n<meta name=\"robots\" content=\"index, follow, max-snippet:-1, max-image-preview:large, max-video-preview:-1\" \/>\n<link rel=\"canonical\" href=\"https:\/\/www.med.unipi.it\/index.php\/corsi-di-laurea\/educazione-professionale\/\" \/>\n<meta property=\"og:locale\" content=\"it_IT\" \/>\n<meta property=\"og:type\" content=\"article\" \/>\n<meta property=\"og:title\" content=\"Educazione Professionale - Scuola di Medicina\" \/>\n<meta property=\"og:description\" content=\"CORSO DI LAUREA IN EDUCAZIONE PROFESSIONALE Durata: 3 anniCrediti Formativi Universitari (CFU): 180Struttura: Scuola di Medicina \u2013 Dipartimento di Medicina&hellip;Leggi tutto...\" \/>\n<meta property=\"og:url\" content=\"https:\/\/www.med.unipi.it\/index.php\/corsi-di-laurea\/educazione-professionale\/\" \/>\n<meta property=\"og:site_name\" content=\"Scuola di Medicina\" \/>\n<meta property=\"article:modified_time\" content=\"2025-10-06T09:11:17+00:00\" \/>\n<meta name=\"twitter:card\" content=\"summary_large_image\" \/>\n<meta name=\"twitter:label1\" content=\"Tempo di lettura stimato\" \/>\n\t<meta name=\"twitter:data1\" content=\"3 minuti\" \/>\n<script type=\"application\/ld+json\" class=\"yoast-schema-graph\">{\"@context\":\"https:\/\/schema.org\",\"@graph\":[{\"@type\":\"WebPage\",\"@id\":\"https:\/\/www.med.unipi.it\/index.php\/corsi-di-laurea\/educazione-professionale\/\",\"url\":\"https:\/\/www.med.unipi.it\/index.php\/corsi-di-laurea\/educazione-professionale\/\",\"name\":\"Educazione Professionale - Scuola di Medicina\",\"isPartOf\":{\"@id\":\"https:\/\/www.med.unipi.it\/#website\"},\"datePublished\":\"2025-01-31T09:41:10+00:00\",\"dateModified\":\"2025-10-06T09:11:17+00:00\",\"breadcrumb\":{\"@id\":\"https:\/\/www.med.unipi.it\/index.php\/corsi-di-laurea\/educazione-professionale\/#breadcrumb\"},\"inLanguage\":\"it-IT\",\"potentialAction\":[{\"@type\":\"ReadAction\",\"target\":[\"https:\/\/www.med.unipi.it\/index.php\/corsi-di-laurea\/educazione-professionale\/\"]}]},{\"@type\":\"BreadcrumbList\",\"@id\":\"https:\/\/www.med.unipi.it\/index.php\/corsi-di-laurea\/educazione-professionale\/#breadcrumb\",\"itemListElement\":[{\"@type\":\"ListItem\",\"position\":1,\"name\":\"Home\",\"item\":\"https:\/\/www.med.unipi.it\/\"},{\"@type\":\"ListItem\",\"position\":2,\"name\":\"Corsi di Laurea\",\"item\":\"https:\/\/www.med.unipi.it\/index.php\/corsi-di-laurea\/\"},{\"@type\":\"ListItem\",\"position\":3,\"name\":\"Educazione Professionale\"}]},{\"@type\":\"WebSite\",\"@id\":\"https:\/\/www.med.unipi.it\/#website\",\"url\":\"https:\/\/www.med.unipi.it\/\",\"name\":\"Scuola di Medicina\",\"description\":\"\",\"potentialAction\":[{\"@type\":\"SearchAction\",\"target\":{\"@type\":\"EntryPoint\",\"urlTemplate\":\"https:\/\/www.med.unipi.it\/?s={search_term_string}\"},\"query-input\":{\"@type\":\"PropertyValueSpecification\",\"valueRequired\":true,\"valueName\":\"search_term_string\"}}],\"inLanguage\":\"it-IT\"}]}<\/script>\n<!-- \/ Yoast SEO plugin. -->","yoast_head_json":{"title":"Educazione Professionale - Scuola di Medicina","robots":{"index":"index","follow":"follow","max-snippet":"max-snippet:-1","max-image-preview":"max-image-preview:large","max-video-preview":"max-video-preview:-1"},"canonical":"https:\/\/www.med.unipi.it\/index.php\/corsi-di-laurea\/educazione-professionale\/","og_locale":"it_IT","og_type":"article","og_title":"Educazione Professionale - Scuola di Medicina","og_description":"CORSO DI LAUREA IN EDUCAZIONE PROFESSIONALE Durata: 3 anniCrediti Formativi Universitari (CFU): 180Struttura: Scuola di Medicina \u2013 Dipartimento di Medicina&hellip;Leggi tutto...","og_url":"https:\/\/www.med.unipi.it\/index.php\/corsi-di-laurea\/educazione-professionale\/","og_site_name":"Scuola di Medicina","article_modified_time":"2025-10-06T09:11:17+00:00","twitter_card":"summary_large_image","twitter_misc":{"Tempo di lettura stimato":"3 minuti"},"schema":{"@context":"https:\/\/schema.org","@graph":[{"@type":"WebPage","@id":"https:\/\/www.med.unipi.it\/index.php\/corsi-di-laurea\/educazione-professionale\/","url":"https:\/\/www.med.unipi.it\/index.php\/corsi-di-laurea\/educazione-professionale\/","name":"Educazione Professionale - Scuola di Medicina","isPartOf":{"@id":"https:\/\/www.med.unipi.it\/#website"},"datePublished":"2025-01-31T09:41:10+00:00","dateModified":"2025-10-06T09:11:17+00:00","breadcrumb":{"@id":"https:\/\/www.med.unipi.it\/index.php\/corsi-di-laurea\/educazione-professionale\/#breadcrumb"},"inLanguage":"it-IT","potentialAction":[{"@type":"ReadAction","target":["https:\/\/www.med.unipi.it\/index.php\/corsi-di-laurea\/educazione-professionale\/"]}]},{"@type":"BreadcrumbList","@id":"https:\/\/www.med.unipi.it\/index.php\/corsi-di-laurea\/educazione-professionale\/#breadcrumb","itemListElement":[{"@type":"ListItem","position":1,"name":"Home","item":"https:\/\/www.med.unipi.it\/"},{"@type":"ListItem","position":2,"name":"Corsi di Laurea","item":"https:\/\/www.med.unipi.it\/index.php\/corsi-di-laurea\/"},{"@type":"ListItem","position":3,"name":"Educazione Professionale"}]},{"@type":"WebSite","@id":"https:\/\/www.med.unipi.it\/#website","url":"https:\/\/www.med.unipi.it\/","name":"Scuola di Medicina","description":"","potentialAction":[{"@type":"SearchAction","target":{"@type":"EntryPoint","urlTemplate":"https:\/\/www.med.unipi.it\/?s={search_term_string}"},"query-input":{"@type":"PropertyValueSpecification","valueRequired":true,"valueName":"search_term_string"}}],"inLanguage":"it-IT"}]}},"_links":{"self":[{"href":"https:\/\/www.med.unipi.it\/index.php\/wp-json\/wp\/v2\/pages\/7878","targetHints":{"allow":["GET"]}}],"collection":[{"href":"https:\/\/www.med.unipi.it\/index.php\/wp-json\/wp\/v2\/pages"}],"about":[{"href":"https:\/\/www.med.unipi.it\/index.php\/wp-json\/wp\/v2\/types\/page"}],"author":[{"embeddable":true,"href":"https:\/\/www.med.unipi.it\/index.php\/wp-json\/wp\/v2\/users\/1"}],"replies":[{"embeddable":true,"href":"https:\/\/www.med.unipi.it\/index.php\/wp-json\/wp\/v2\/comments?post=7878"}],"version-history":[{"count":9,"href":"https:\/\/www.med.unipi.it\/index.php\/wp-json\/wp\/v2\/pages\/7878\/revisions"}],"predecessor-version":[{"id":10967,"href":"https:\/\/www.med.unipi.it\/index.php\/wp-json\/wp\/v2\/pages\/7878\/revisions\/10967"}],"up":[{"embeddable":true,"href":"https:\/\/www.med.unipi.it\/index.php\/wp-json\/wp\/v2\/pages\/68"}],"wp:attachment":[{"href":"https:\/\/www.med.unipi.it\/index.php\/wp-json\/wp\/v2\/media?parent=7878"}],"wp:term":[{"taxonomy":"category","embeddable":true,"href":"https:\/\/www.med.unipi.it\/index.php\/wp-json\/wp\/v2\/categories?post=7878"},{"taxonomy":"post_tag","embeddable":true,"href":"https:\/\/www.med.unipi.it\/index.php\/wp-json\/wp\/v2\/tags?post=7878"}],"curies":[{"name":"wp","href":"https:\/\/api.w.org\/{rel}","templated":true}]}}